{"version":"1.0","provider_name":"REKOM ~ KOMRA ~ RECOM","provider_url":"https:\/\/www.recom.link\/bhsc\/","author_name":"Recom Editor","author_url":"https:\/\/www.recom.link\/bhsc\/author\/jelanag\/","title":"Izaslanici\/ce predsednika i \u010dlanova predsedni\u0161tva BiH - REKOM ~ KOMRA ~ RECOM","type":"rich","width":600,"height":338,"html":"<blockquote class=\"wp-embedded-content\" data-secret=\"RlhKnIJlVS\"><a href=\"https:\/\/www.recom.link\/bhsc\/sastanci-izaslanika-2\/\">Izaslanici\/ce predsednika i \u010dlanova predsedni\u0161tva BiH<\/a><\/blockquote><iframe sandbox=\"allow-scripts\" security=\"restricted\" src=\"https:\/\/www.recom.link\/bhsc\/sastanci-izaslanika-2\/embed\/#?secret=RlhKnIJlVS\" width=\"600\" height=\"338\" title=\"&#8220;Izaslanici\/ce predsednika i \u010dlanova predsedni\u0161tva BiH&#8221; &#8212; REKOM ~ KOMRA ~ RECOM\" data-secret=\"RlhKnIJlVS\" frameborder=\"0\" marginwidth=\"0\" marginheight=\"0\" scrolling=\"no\" class=\"wp-embedded-content\"><\/iframe><script type=\"text\/javascript\">\n\/* <![CDATA[ *\/\n\/*! This file is auto-generated *\/\n!function(d,l){\"use strict\";l.querySelector&&d.addEventListener&&\"undefined\"!=typeof URL&&(d.wp=d.wp||{},d.wp.receiveEmbedMessage||(d.wp.receiveEmbedMessage=function(e){var t=e.data;if((t||t.secret||t.message||t.value)&&!\/[^a-zA-Z0-9]\/.test(t.secret)){for(var s,r,n,a=l.querySelectorAll('iframe[data-secret=\"'+t.secret+'\"]'),o=l.querySelectorAll('blockquote[data-secret=\"'+t.secret+'\"]'),c=new RegExp(\"^https?:$\",\"i\"),i=0;i<o.length;i++)o[i].style.display=\"none\";for(i=0;i<a.length;i++)s=a[i],e.source===s.contentWindow&&(s.removeAttribute(\"style\"),\"height\"===t.message?(1e3<(r=parseInt(t.value,10))?r=1e3:~~r<200&&(r=200),s.height=r):\"link\"===t.message&&(r=new URL(s.getAttribute(\"src\")),n=new URL(t.value),c.test(n.protocol))&&n.host===r.host&&l.activeElement===s&&(d.top.location.href=t.value))}},d.addEventListener(\"message\",d.wp.receiveEmbedMessage,!1),l.addEventListener(\"DOMContentLoaded\",function(){for(var e,t,s=l.querySelectorAll(\"iframe.wp-embedded-content\"),r=0;r<s.length;r++)(t=(e=s[r]).getAttribute(\"data-secret\"))||(t=Math.random().toString(36).substring(2,12),e.src+=\"#?secret=\"+t,e.setAttribute(\"data-secret\",t)),e.contentWindow.postMessage({message:\"ready\",secret:t},\"*\")},!1)))}(window,document);\n\/* ]]> *\/\n<\/script>\n","thumbnail_url":"https:\/\/www.recom.link\/wp-content\/uploads\/2014\/09\/Podrzavam-REKOM-bilbord.jpg","thumbnail_width":5512,"thumbnail_height":7087,"description":"Predsednik Hrvatske\u00a0Ivo Josipovi\u0107\u00a0imenovao je\u00a0Zlatu \u0110ur\u0111evi\u0107, redovnu profesorku na Pravnom fakultetu Sveu\u010dili\u0161ta u Zagrebu 25. januara 2013. godine; Predsednik Makedonije\u00a0Gjorge Ivanov\u00a0imenovao..."}